{"id":268,"date":"2019-01-08T15:14:24","date_gmt":"2019-01-08T14:14:24","guid":{"rendered":"http:\/\/www.likesunday.com\/site\/?page_id=268"},"modified":"2026-02-15T17:43:29","modified_gmt":"2026-02-15T16:43:29","slug":"news","status":"publish","type":"page","link":"http:\/\/www.likesunday.com\/site\/","title":{"rendered":"ACTU"},"content":{"rendered":"\n<h2 class=\"wp-block-heading\">FEVRIER 2026<\/h2>\n\n\n\n<p>\u2022 Suite \u00e0 de nombreuses demandes, j\u2019ai exceptionnellement relanc\u00e9 un petit tirage du livre <strong><em>Advienne que pourra <\/em><\/strong><em><strong>\u2013 Violence, Punk Rawk, Slow Death, Nineteen Something et autres histoires culturelles souterraines des ann\u00e9es 1980, 1990 et post 2000 en France (Entretiens avec Frank Frejnik).<br><\/strong><\/em>Attention, quantit\u00e9 limit\u00e9e, il sera \u00e0 nouveau \u00e9puis\u00e9 tr\u00e8s rapidement.<br><br>Livre format A5, 128 pages, 13\u20ac (+ frais de port)<br>Pr\u00e9face de Patrick Foulhoux<br><br><strong>A commander dans la section&nbsp;<a href=\"https:\/\/www.likesunday.com\/site\/nasty-merch\/\">BOUTIQUE&nbsp;<\/a>du site, cliquez&nbsp;<a href=\"https:\/\/www.likesunday.com\/site\/nasty-merch\/\">ICI<\/a><\/strong>.<\/p>\n\n\n\n<figure class=\"wp-block-image size-full is-resized\"><img loading=\"lazy\" decoding=\"async\" width=\"584\" height=\"828\" src=\"http:\/\/www.likesunday.com\/site\/wp-content\/uploads\/2024\/06\/Front.jpg\" alt=\"\" class=\"wp-image-1378\" style=\"width:462px;height:auto\" srcset=\"http:\/\/www.likesunday.com\/site\/wp-content\/uploads\/2024\/06\/Front.jpg 584w, http:\/\/www.likesunday.com\/site\/wp-content\/uploads\/2024\/06\/Front-212x300.jpg 212w\" sizes=\"(max-width: 584px) 100vw, 584px\" \/><\/figure>\n\n\n\n<p><strong>Pr\u00e9sentation&nbsp;du livre :<br><\/strong><br>Frank Frejnik \u2013 journaliste musical, \u00e9diteur de fanzines, g\u00e9rant de labels, organisateur de concerts, maquettiste\/ infographiste, et deux ou trois choses encore. Une force vive qui se distingue par un investissement ind\u00e9fectible pour la cause d\u2019une musique rac\u00e9e et affranchie, d\u2019ob\u00e9dience forc\u00e9ment punk (dans ce que ce terme a de plus pur et radical), portant les stigmates de chocs frontaux avec les cultures populaires des ann\u00e9es 1980 et 1990, du rock alternatif au grunge, en passant par le hardcore. Trente-cinq ans d\u2019all\u00e9geance au bouillonnement underground, ce n\u2019est pas rien. A travers les souvenirs de l\u2019aventure du fanzine <em>Violence<\/em> (1990-1995) et ceux des ann\u00e9es <em>Punk Rawk<\/em> (le seul magazine de toute l\u2019histoire de la presse fran\u00e7aise ayant trait\u00e9 uniquement de la culture punk, ancienne et nouvelle \u00e9cole), \u00e0 travers l\u2019exp\u00e9rience v\u00e9cue dans les m\u00e9andres de la presse musicale g\u00e9n\u00e9raliste ou sp\u00e9cialis\u00e9e (dont <em>Rock Sound<\/em>), ses activit\u00e9s li\u00e9es \u00e0 la production de disques (notamment les labels Nineteen Something et Slow Death) et ses nombreuses collaborations avec des groupes du s\u00e9rail punk\/hardcore\/ind\u00e9 et affili\u00e9s, se dessinent en sous-texte une analyse r\u00e9trospective et, forc\u00e9ment, une sorte de bilan (personnel et g\u00e9n\u00e9rationnel) sur la question subculturelle hexagonale. A l\u2019arriv\u00e9e, le projet originel du simple recueil d\u2019entretiens a mu\u00e9 en une esp\u00e8ce de compendium de cette riche et vaste mouvance <em>nineties<\/em> en France, m\u00e9sestim\u00e9e et peu honor\u00e9e par les m\u00e9dias. Il \u00e9tait temps d\u2019y rem\u00e9dier et de prouver \u00e0 quel point cette p\u00e9riode s\u2019est r\u00e9v\u00e9l\u00e9e prolif\u00e8re et singuli\u00e8re.<\/p>\n\n\n\n<div style=\"height:27px\" aria-hidden=\"true\" class=\"wp-block-spacer\"><\/div>\n\n\n\n<p>\u2022 Depuis que j&rsquo;ai d\u00e9cid\u00e9, en 2020, d&rsquo;arr\u00eater de jouer live (et, de fait, de passer la majeure partie de mon temps sur les routes, dans des locaux de r\u00e9p\u00e9tition ou en studio avec mes groupes &#8211; ce qui a constitu\u00e9 ma principale activit\u00e9 pendant 20 ans), je n&rsquo;ai cess\u00e9 de composer des morceaux, qui, \u00e0 un moment ou \u00e0 un autre, finissent toujours par atterrir sur un album. Entre deux livres, quand mon planning me le permet, je prends effectivement encore un certain plaisir \u00e0 enregistrer ci et l\u00e0 quelques id\u00e9es, dans une dynamique d\u00e9sormais totalement r\u00e9cr\u00e9ative, sans v\u00e9ritable enjeu, et surtout parce que j&rsquo;ai toujours appr\u00e9ci\u00e9 le contexte stimulant de la cr\u00e9ation, de l&rsquo;enregistrement et de la production. <br>Mon nouvel album solo, sous le nom d\u2019<strong>UNWELL, <\/strong>est disponible. Enregistr\u00e9 entre 2022 et 2024 lors de plusieurs sessions dans divers studios parisiens, <em>Le D\u00e9sordre et la Nuit<\/em>, disque instrumental (8 titres), est fortement nimb\u00e9 d\u2019ambiances cin\u00e9matographiques explicites et r\u00e9f\u00e9rentielles, o\u00f9 spleen urbain et m\u00e9lancolie existentielle se m\u00ealent aux sonorit\u00e9s rock des ann\u00e9es 1990 et 1980.<br>En \u00e9coute <a href=\"https:\/\/unwellsound.bandcamp.com\/album\/le-d-sordre-et-la-nuit\">ICI<\/a>. &nbsp;<br><br>\u203a <strong>Version CD limit\u00e9e<\/strong> (avec un livret A5), disponible dans la <a href=\"https:\/\/www.likesunday.com\/site\/nasty-merch\/\">BOUTIQUE<\/a> (10\u20ac + frais de port).<br>\u203a <strong>Version num\u00e9rique<\/strong> disponible sur la page <a href=\"https:\/\/unwellsound.bandcamp.com\/album\/le-d-sordre-et-la-nuit\">BANDCAMP<\/a> : <a href=\"https:\/\/unwellsound.bandcamp.com\/album\/le-d-sordre-et-la-nuit\">www.unwellsound.bandcamp.com<\/a><\/p>\n\n\n\n<figure class=\"wp-block-image size-large is-resized\"><img loading=\"lazy\" decoding=\"async\" width=\"1024\" height=\"913\" src=\"https:\/\/www.likesunday.com\/site\/wp-content\/uploads\/2026\/02\/Unwell-3-1024x913.jpg\" alt=\"\" class=\"wp-image-1646\" style=\"width:545px;height:auto\" srcset=\"http:\/\/www.likesunday.com\/site\/wp-content\/uploads\/2026\/02\/Unwell-3-1024x913.jpg 1024w, http:\/\/www.likesunday.com\/site\/wp-content\/uploads\/2026\/02\/Unwell-3-300x268.jpg 300w, http:\/\/www.likesunday.com\/site\/wp-content\/uploads\/2026\/02\/Unwell-3-768x685.jpg 768w, http:\/\/www.likesunday.com\/site\/wp-content\/uploads\/2026\/02\/Unwell-3-1536x1370.jpg 1536w, http:\/\/www.likesunday.com\/site\/wp-content\/uploads\/2026\/02\/Unwell-3.jpg 1653w\" sizes=\"(max-width: 1024px) 100vw, 1024px\" \/><\/figure>\n\n\n\n<figure class=\"wp-block-image size-large is-resized\"><img loading=\"lazy\" decoding=\"async\" width=\"1024\" height=\"757\" src=\"https:\/\/www.likesunday.com\/site\/wp-content\/uploads\/2026\/02\/9072141916554585413-1024x757.jpeg\" alt=\"\" class=\"wp-image-1647\" style=\"width:544px;height:auto\" srcset=\"http:\/\/www.likesunday.com\/site\/wp-content\/uploads\/2026\/02\/9072141916554585413-1024x757.jpeg 1024w, http:\/\/www.likesunday.com\/site\/wp-content\/uploads\/2026\/02\/9072141916554585413-300x222.jpeg 300w, http:\/\/www.likesunday.com\/site\/wp-content\/uploads\/2026\/02\/9072141916554585413-768x567.jpeg 768w, http:\/\/www.likesunday.com\/site\/wp-content\/uploads\/2026\/02\/9072141916554585413-1536x1135.jpeg 1536w, http:\/\/www.likesunday.com\/site\/wp-content\/uploads\/2026\/02\/9072141916554585413.jpeg 1903w\" sizes=\"(max-width: 1024px) 100vw, 1024px\" \/><\/figure>\n\n\n\n<div style=\"height:44px\" aria-hidden=\"true\" class=\"wp-block-spacer\"><\/div>\n\n\n\n<p>\u2022 Mes deux livres sortis le trimestre dernier<em> <strong>Tant que c\u2019est encore possible (Velvet, Versus, Noise, new Noise<\/strong><\/em><strong>&nbsp;<\/strong><em><strong>: une aventure de presse mouvement\u00e9e<\/strong><\/em><strong>) <\/strong><em><strong>\u2013 <\/strong><\/em><strong>entretiens avec Olivier Drago<\/strong><em><strong> <\/strong>et<strong> LA MUERTE \u2013 L\u2019Essence des chocs<\/strong><\/em> <em><strong>(Deux d\u00e9cennies sous le sceau de la vil\u00e9nie et du chaos) <\/strong><\/em>sont d\u00e9j\u00e0 \u00e9puis\u00e9s. Merci \u00e0 ceux qui les ont command\u00e9s, lus, et comment\u00e9s ici ou l\u00e0.<\/p>\n\n\n\n<figure class=\"wp-block-image size-large is-resized\"><img loading=\"lazy\" decoding=\"async\" width=\"720\" height=\"1024\" src=\"https:\/\/www.likesunday.com\/site\/wp-content\/uploads\/2026\/02\/DRAGO-SOLD-OUT-1-720x1024.jpg\" alt=\"\" class=\"wp-image-1649\" style=\"width:298px;height:auto\" srcset=\"http:\/\/www.likesunday.com\/site\/wp-content\/uploads\/2026\/02\/DRAGO-SOLD-OUT-1-720x1024.jpg 720w, http:\/\/www.likesunday.com\/site\/wp-content\/uploads\/2026\/02\/DRAGO-SOLD-OUT-1-211x300.jpg 211w, http:\/\/www.likesunday.com\/site\/wp-content\/uploads\/2026\/02\/DRAGO-SOLD-OUT-1-768x1092.jpg 768w, http:\/\/www.likesunday.com\/site\/wp-content\/uploads\/2026\/02\/DRAGO-SOLD-OUT-1.jpg 1080w\" sizes=\"(max-width: 720px) 100vw, 720px\" \/><\/figure>\n\n\n\n<figure class=\"wp-block-image size-large is-resized\"><img loading=\"lazy\" decoding=\"async\" width=\"720\" height=\"1024\" src=\"https:\/\/www.likesunday.com\/site\/wp-content\/uploads\/2026\/02\/LM-SOLD-OUT-720x1024.jpg\" alt=\"\" class=\"wp-image-1650\" style=\"width:297px;height:auto\" srcset=\"http:\/\/www.likesunday.com\/site\/wp-content\/uploads\/2026\/02\/LM-SOLD-OUT-720x1024.jpg 720w, http:\/\/www.likesunday.com\/site\/wp-content\/uploads\/2026\/02\/LM-SOLD-OUT-211x300.jpg 211w, http:\/\/www.likesunday.com\/site\/wp-content\/uploads\/2026\/02\/LM-SOLD-OUT-768x1092.jpg 768w, http:\/\/www.likesunday.com\/site\/wp-content\/uploads\/2026\/02\/LM-SOLD-OUT.jpg 1080w\" sizes=\"(max-width: 720px) 100vw, 720px\" \/><\/figure>\n\n\n\n<div style=\"height:10px\" aria-hidden=\"true\" class=\"wp-block-spacer\"><\/div>\n\n\n\n<hr class=\"wp-block-separator has-alpha-channel-opacity\"\/>\n\n\n\n<hr class=\"wp-block-separator has-alpha-channel-opacity\"\/>\n\n\n\n<h2 class=\"wp-block-heading\">DECEMBRE 2025<\/h2>\n\n\n\n<p>Mes trois nouveaux ouvrages annonc\u00e9s \u00e0 la rentr\u00e9e sont d\u00e9sormais tous disponibles :<\/p>\n\n\n\n<figure class=\"wp-block-image size-large is-resized\"><img loading=\"lazy\" decoding=\"async\" width=\"892\" height=\"1024\" src=\"https:\/\/www.likesunday.com\/site\/wp-content\/uploads\/2025\/12\/807594263544419922-892x1024.jpeg\" alt=\"\" class=\"wp-image-1636\" style=\"width:481px;height:auto\" srcset=\"http:\/\/www.likesunday.com\/site\/wp-content\/uploads\/2025\/12\/807594263544419922-892x1024.jpeg 892w, http:\/\/www.likesunday.com\/site\/wp-content\/uploads\/2025\/12\/807594263544419922-261x300.jpeg 261w, http:\/\/www.likesunday.com\/site\/wp-content\/uploads\/2025\/12\/807594263544419922-768x882.jpeg 768w, http:\/\/www.likesunday.com\/site\/wp-content\/uploads\/2025\/12\/807594263544419922.jpeg 1133w\" sizes=\"(max-width: 892px) 100vw, 892px\" \/><\/figure>\n\n\n\n<p><br>\u2022 Sortie ce mois-ci, le 15 d\u00e9cembre, de mon nouveau livre&nbsp;:<br><br><strong><em>Tant que c\u2019est encore possible (Velvet, Versus, Noise, new Noise<\/em>&nbsp;<em>: une aventure de presse mouvement\u00e9e<\/em>), entretiens avec Olivier Drago<\/strong>, \u00e9dit\u00e9 sur ma micro structure Chaque Jour Comme Un Dimanche.<br><br>Livre format A5, 134 pages, 13\u20ac (+ frais de port)<br>Pr\u00e9faces de Bertrand Pinsac et Elodie Denis.<br><br><strong>A commander dans la section&nbsp;<a href=\"https:\/\/www.likesunday.com\/site\/nasty-merch\/\">BOUTIQUE&nbsp;<\/a>du site, cliquez <a href=\"https:\/\/www.likesunday.com\/site\/nasty-merch\/\">ICI<\/a><\/strong>.<\/p>\n\n\n\n<figure class=\"wp-block-image size-large is-resized\"><img loading=\"lazy\" decoding=\"async\" width=\"724\" height=\"1024\" src=\"http:\/\/www.likesunday.com\/site\/wp-content\/uploads\/2025\/12\/Couverture-Mohicans3-724x1024.jpg\" alt=\"\" class=\"wp-image-1627\" style=\"width:472px;height:auto\" srcset=\"http:\/\/www.likesunday.com\/site\/wp-content\/uploads\/2025\/12\/Couverture-Mohicans3-724x1024.jpg 724w, http:\/\/www.likesunday.com\/site\/wp-content\/uploads\/2025\/12\/Couverture-Mohicans3-212x300.jpg 212w, http:\/\/www.likesunday.com\/site\/wp-content\/uploads\/2025\/12\/Couverture-Mohicans3-768x1087.jpg 768w, http:\/\/www.likesunday.com\/site\/wp-content\/uploads\/2025\/12\/Couverture-Mohicans3-1085x1536.jpg 1085w, http:\/\/www.likesunday.com\/site\/wp-content\/uploads\/2025\/12\/Couverture-Mohicans3-1447x2048.jpg 1447w, http:\/\/www.likesunday.com\/site\/wp-content\/uploads\/2025\/12\/Couverture-Mohicans3.jpg 1744w\" sizes=\"(max-width: 724px) 100vw, 724px\" \/><\/figure>\n\n\n\n<p><strong>Pr\u00e9sentation&nbsp;du livre :<br><br><\/strong>Dans un paysage de la presse&nbsp;en compl\u00e8te d\u00e9cr\u00e9pitude<strong>, Olivier Drago<\/strong>, profil embl\u00e9matique du journalisme musical hexagonal post&nbsp;2000, ultime r\u00e9sistant \u00e0 l\u2019\u00e9thique et \u00e0 la combativit\u00e9 sans failles, fait figure d\u2019exception. R\u00e9dacteur en chef et \u00e9diteur (via sa structure <strong>Noise Publishing<\/strong>), Grand Ordonnateur donc, du magazine <em><strong>new Noise<\/strong>\u2009<\/em>;\u00e9galement fondateur, au d\u00e9but et au cours des ann\u00e9es&nbsp;2000, des titres <em><strong>Velvet<\/strong><\/em>, puis <em><strong>Versus<\/strong><\/em>, puis<em> <strong>Noise<\/strong><\/em> (trois incarnations d\u2019une m\u00eame vision, pr\u00e9 <em>new Noise<\/em>), ainsi qu\u2019instigateur du webzine <em><strong>No Brain No Headache<\/strong><\/em> \u00e0 la fin des ann\u00e9es&nbsp;1990, il se livre ici avec cette fermet\u00e9 <em>anti-bullshit<\/em> qu\u2019on lui conna\u00eet, doubl\u00e9e d\u2019une totale franchise. Une limpidit\u00e9 du propos m\u00eal\u00e9e \u00e0 une justesse de ton appr\u00e9ciable, consolid\u00e9e par un d\u00e9vouement et un pragmatisme \u00e0 toute \u00e9preuve, qui prodiguent \u00e0 ses avis\/analyses une force exemplaire.<br>Pour qui se targue de go\u00fbter au nectar culturel sous toutes ses formes, la clarification de ce qui se trame dans les kiosques ces vingt derni\u00e8res ann\u00e9es paraissait n\u00e9cessaire.<br>Qui, \u00e0 l\u2019heure actuelle, en France, incarne mieux que <em>new Noise<\/em> cette id\u00e9e de compl\u00e8te ind\u00e9pendance et d\u2019absolue opposition aux r\u00e8gles inh\u00e9rentes \u00e0 ce microcosme lessiv\u00e9\u2009? Olivier a su prouver tout au long de ces deux d\u00e9cennies qu\u2019une r\u00e9elle intransigeance et un respect ind\u00e9fectible pour le rock (et post rock), la noise, le hardcore (et post hardcore), le metal (et post metal) ainsi que tous les sous-genres affili\u00e9s aux sph\u00e8res souterraines \u00e9taient encore possibles dans une publication \u00e0 exposition nationale. Plus qu\u2019une lutte acharn\u00e9e contre la l\u00e9g\u00e8ret\u00e9\/m\u00e9diocrit\u00e9\u2009ambiante, c\u2019est une belle le\u00e7on de journalisme qu\u2019il nous donne\u2009; de l\u2019artisanat professionnel (ou du professionnalisme hautement artisanal\u2009!), dans ce que ces termes ont de plus pur.<\/p>\n\n\n\n<div style=\"height:25px\" aria-hidden=\"true\" class=\"wp-block-spacer\"><\/div>\n\n\n\n<p>\u2022 Mon livre <strong><em>LA MUERTE \u2013 L\u2019Essence des chocs<\/em><\/strong><br><strong><em>(Deux d\u00e9cennies sous le sceau de la vil\u00e9nie et du chaos)<\/em><\/strong>, sorti le mois dernier, est toujours disponible.<br><br><strong>A commander dans la section <a href=\"https:\/\/www.likesunday.com\/site\/nasty-merch\/\">BOUTIQUE<\/a>&nbsp;du site, cliquez <a href=\"https:\/\/www.likesunday.com\/site\/nasty-merch\/\">ICI<\/a>.<\/strong><\/p>\n\n\n\n<figure class=\"wp-block-image size-large is-resized\"><img loading=\"lazy\" decoding=\"async\" width=\"721\" height=\"1024\" src=\"http:\/\/www.likesunday.com\/site\/wp-content\/uploads\/2025\/10\/La-Muerte-Promo-721x1024.jpg\" alt=\"\" class=\"wp-image-1597\" style=\"width:474px;height:auto\" srcset=\"http:\/\/www.likesunday.com\/site\/wp-content\/uploads\/2025\/10\/La-Muerte-Promo-721x1024.jpg 721w, http:\/\/www.likesunday.com\/site\/wp-content\/uploads\/2025\/10\/La-Muerte-Promo-211x300.jpg 211w, http:\/\/www.likesunday.com\/site\/wp-content\/uploads\/2025\/10\/La-Muerte-Promo-768x1090.jpg 768w, http:\/\/www.likesunday.com\/site\/wp-content\/uploads\/2025\/10\/La-Muerte-Promo-1082x1536.jpg 1082w, http:\/\/www.likesunday.com\/site\/wp-content\/uploads\/2025\/10\/La-Muerte-Promo-1442x2048.jpg 1442w, http:\/\/www.likesunday.com\/site\/wp-content\/uploads\/2025\/10\/La-Muerte-Promo.jpg 1751w\" sizes=\"(max-width: 721px) 100vw, 721px\" \/><\/figure>\n\n\n\n<p><strong>Pr\u00e9sentation&nbsp;du livre :<\/strong><br><br><strong><em>L\u2019Essence des chocs<\/em>,<\/strong>&nbsp;petit ouvrage testamentaire tr\u00e8s dense aux faux airs de fanzine de luxe, circonscrit les terres du royaume fantasmagorique de <strong>LA MUERTE<\/strong>, cette formation unique, en&nbsp;<em>zigzaguant<\/em>&nbsp;\u00e0 travers leur trajectoire, explorant leurs fixations \u2014&nbsp;<em>Speed, Steel and Gasoline<\/em>&nbsp;\u2014 et les ressorts de leur cr\u00e9ation explos\u00e9e, au spectre tr\u00e8s large\u2026<br>Cultissime groupe rock hyper singulier issu des bas-fonds de Bruxelles, en activit\u00e9 depuis 1984, ils ont su faire \u00e9voluer leur son au gr\u00e9 de d\u00e9lires post punk bruitiste, swamp garage, heavy rock graisseux et metal doom, avec 6 albums studio au compteur, 2 albums live, des EP et compilations \u00e0 foison, un documentaire DVD, et de nombreux clips d\u00e9ments.<br>Cette machine hurlante a sillonn\u00e9 les routes europ\u00e9ennes \u00e0 maintes reprises, collaborant avec Front 242 et Arno, accompagnant aussi bien The Jesus and Mary Chain que Ramones, Berurier Noir (pour le mythique concert d\u2019adieu de ces derniers \u00e0 l\u2019Olympia, en 1989), The Young Gods, The Scientist et des dizaines d\u2019autres, squattant r\u00e9guli\u00e8rement ls affiches de festivals notoires comme le Deserfest, ou le RoardBurn\u2026 S\u00e9par\u00e9s pendant 20 ans (1993-2015), ils sont repartis en croisade depuis 10 ans avec un line up rafra\u00eechi (avec des membres de Channel Zero, Deviate, Arkangel) pour une formule plus lourde et radicale.&nbsp; Ils ont su composer un environnement visuel et sonore prot\u00e9iforme on ne peut plus identifiable, conf\u00e9rant \u00e0 leur musique une dimension beaucoup plus large et visc\u00e9rale, \u00e0 la fois cin\u00e9matographique et litt\u00e9raire, v\u00e9ritable&nbsp;<em>univers&nbsp;<\/em>hyper coh\u00e9rent incitant au d\u00e9vergondage de l\u2019imagination.<br>Autant r\u00e9v\u00e9r\u00e9s par les fans des Stooges, Birthday Party, Beasts of Bourbon que par les supp\u00f4ts de Danzig, White Zombie, Monster Magnet, Saint Vitus ou encore Mot\u00f6rhead, rien ne leur manque&nbsp;: le son, le look, les lyrics, l\u2019attitude. En vingt ans de carri\u00e8re cahoteuse, ils ont su composer un environnement visuel et sonore on ne peut plus identifiable, baignant dans un trip d\u00e9lirant se r\u00e9f\u00e9rant autant aux th\u00e9matiques horror\/bis\/exploitation qu\u2019aux grands mythes d\u2019une Am\u00e9rique schizophr\u00e8ne, excessive et fractur\u00e9e, simultan\u00e9ment obs\u00e9dante et rebutante.&nbsp;<br>L\u2019un des rares groupes de cette foutue plan\u00e8te valid\u00e9 par des fans de heavy rock, de hardcore, d\u2019horror rock, de garage&nbsp;et de metal !<\/p>\n\n\n\n<div style=\"height:25px\" aria-hidden=\"true\" class=\"wp-block-spacer\"><\/div>\n\n\n\n<p>\u2022 Et, toujours d\u2019actualit\u00e9, mon livre avec Frank Margerin, <strong><em>Ma vie avec (et sans&nbsp;!) Lucien<\/em><\/strong> <strong><em>\u2013 Cinquante truculentes ann\u00e9es de BD et de presse<\/em><\/strong> (pr\u00e9face de Jean-Pierre Dionnet), sorti en septembre, toujours disponible dans toutes les bonnes librairies ou directement en VPC sur&nbsp;<a href=\"https:\/\/mediapop-editions.fr\/catalogue\/frank-margerin-ma-vie-avec-et-sans-lucien-cinquante-truculentes-annees-de-bd-et-de-presse\/\">le site de l\u2019\u00e9diteur&nbsp;<\/a>(Mediapop Editions), cliquez&nbsp;<a href=\"https:\/\/mediapop-editions.fr\/catalogue\/frank-margerin-ma-vie-avec-et-sans-lucien-cinquante-truculentes-annees-de-bd-et-de-presse\/\">ICI<\/a>.<\/p>\n\n\n\n<p>L\u2019excellente \u00e9mission <strong>Mauvais Genres<\/strong> (sur <strong>France Culture<\/strong>) y a consacr\u00e9 une \u00e9mission d\u2019une heure le samedi 06 d\u00e9cembre, avec un entretien de Frank Margerin, \u00e0 \u00e9couter<a href=\"https:\/\/www.radiofrance.fr\/franceculture\/podcasts\/mauvais-genres\/un-margerin-sinon-rien-6508179\"> ICI <\/a>en replay : <a href=\"https:\/\/www.radiofrance.fr\/franceculture\/podcasts\/mauvais-genres\/un-margerin-sinon-rien-6508179\">Un Margerin, sinon rien&nbsp;! | France Culture<\/a><\/p>\n\n\n\n<figure class=\"wp-block-image size-large is-resized\"><img loading=\"lazy\" decoding=\"async\" width=\"787\" height=\"1024\" src=\"http:\/\/www.likesunday.com\/site\/wp-content\/uploads\/2025\/09\/MA-VIE-AVEC-ET-SANS-COUV-1\u00b0-de-COUV-10-787x1024.jpg\" alt=\"\" class=\"wp-image-1582\" style=\"width:493px;height:auto\" srcset=\"http:\/\/www.likesunday.com\/site\/wp-content\/uploads\/2025\/09\/MA-VIE-AVEC-ET-SANS-COUV-1\u00b0-de-COUV-10-787x1024.jpg 787w, http:\/\/www.likesunday.com\/site\/wp-content\/uploads\/2025\/09\/MA-VIE-AVEC-ET-SANS-COUV-1\u00b0-de-COUV-10-231x300.jpg 231w, http:\/\/www.likesunday.com\/site\/wp-content\/uploads\/2025\/09\/MA-VIE-AVEC-ET-SANS-COUV-1\u00b0-de-COUV-10-768x999.jpg 768w, http:\/\/www.likesunday.com\/site\/wp-content\/uploads\/2025\/09\/MA-VIE-AVEC-ET-SANS-COUV-1\u00b0-de-COUV-10-1180x1536.jpg 1180w, http:\/\/www.likesunday.com\/site\/wp-content\/uploads\/2025\/09\/MA-VIE-AVEC-ET-SANS-COUV-1\u00b0-de-COUV-10-1574x2048.jpg 1574w, http:\/\/www.likesunday.com\/site\/wp-content\/uploads\/2025\/09\/MA-VIE-AVEC-ET-SANS-COUV-1\u00b0-de-COUV-10-scaled.jpg 1967w\" sizes=\"(max-width: 787px) 100vw, 787px\" \/><\/figure>\n\n\n\n<p><strong>Pr\u00e9sentation&nbsp;du livre :<\/strong><br><br>Ce livre retrace, sous la forme d\u2019un entretien-fleuve dense et approfondi, aux&nbsp;faux airs de&nbsp;<em>m\u00e9moires,&nbsp;<\/em>la vie mouvement\u00e9e de l\u2019un des&nbsp;piliers de la bande dessin\u00e9e fran\u00e7aise \u2014 de sa tendre enfance&nbsp;\u00e0 nos jours. Et plus particuli\u00e8rement cinquante ann\u00e9es d\u2019une trajectoire professionnelle plac\u00e9e sous le sceau de la g\u00e9n\u00e9rosit\u00e9,&nbsp;couronn\u00e9es par le Grand Prix d\u2019Angoul\u00eame en 1992, et plus largement d\u00e9di\u00e9es \u00e0 un&nbsp;esprit cartoonesque et d\u00e9sopilant ayant marqu\u00e9 plusieurs g\u00e9n\u00e9rations de b\u00e9d\u00e9philes.<br>Non content d\u2019avoir contribu\u00e9 \u00e0 l\u2019\u00e9pop\u00e9e de deux&nbsp;g\u00e9ants de la presse fran\u00e7aise (<em>M\u00e9tal Hurlant<\/em>&nbsp;et&nbsp;<em>Fluide Glacial<\/em>),&nbsp;Frank Margerin a collabor\u00e9 \u00e0 quantit\u00e9 d\u2019autres titres (dont&nbsp;<em>Rigolo<\/em>,&nbsp;<em>Zoulou<\/em>,&nbsp;<em>Viper<\/em>,&nbsp;<em>Le Matin de Paris<\/em>,&nbsp;<em>Lui<\/em>,&nbsp;<em>l\u2019\u00c9cho des Savanes<\/em>,&nbsp;<em>Phosphore<\/em>, etc.), illustr\u00e9 pl\u00e9thore de pochettes de disques (Alain Bashung, Nino Ferrer, Renaud, et&nbsp;des dizaines de formations&nbsp;souterraines appartenant aux sc\u00e8nes rockabilly, garage, blues, etc.), appos\u00e9 sa patte \u00e0&nbsp;d\u2019innombrables&nbsp;campagnes publicitaires, d\u00e9clin\u00e9 ses personnages sous toutes les formes (des figurines \u00e0 collectionner au dessin anim\u00e9) et surtout donn\u00e9 naissance, dans&nbsp;les pages d\u2019une quarantaine d\u2019albums, \u00e0 une foultitude de h\u00e9ros fantasques ayant marqu\u00e9 la culture populaire de notre pays \u2013 les plus notoires&nbsp;\u00e9tant&nbsp;Lucien et sa bande (Ricky, Gillou et Riton), Manu, Momo, parmi une ribambelle de figures fictives hautes en couleur.&nbsp;<br>L\u2019occasion de revenir \u00e9galement sur de pittoresques \u00e9pisodes, comme sa carri\u00e8re musicale (avec le succ\u00e8s d\u2019un de ses groupes, Dennis\u2019 Twist, ayant acc\u00e9d\u00e9&nbsp;\u00e0 la dixi\u00e8me place du Top&nbsp;50 au mitan des ann\u00e9es&nbsp;1980 avec son single \u00ab\u2009Tu dis que tu l\u2019m\u2009\u00bb),&nbsp;et moult anecdotes nous immergeant dans son histoire personnelle. Des \u00e9vocations qui \u00e9claireront le lecteur sur ses nombreuses marottes (son imposante collection d\u2019objets du quotidien,&nbsp;son amour des deux roues et de la six cordes, son omnipr\u00e9sence sur les festivals hexagonaux de BD, etc.) et lui permettront de mieux comprendre cet univers bariol\u00e9 reconnaissable entre tous, r\u00e9gi par un&nbsp;\u00e9lan farcesque aff\u00fbt\u00e9, une tendresse humaniste et une science du gag infaillible.<br>Loubards inoffensifs, zonards \u00e0 la rue, rockeurs de pacotille, babas affligeants, bikers du dimanche, vieillards franchouillards et autres hurluberlus attachants\u2026 Par le biais des r\u00e9miniscences de Frank et&nbsp;de pi\u00e8ces visuelles en abondance (dessins, photos et autres documents rares ou in\u00e9dits tri\u00e9s sur le volet),&nbsp;c\u2019est une faune rigolarde qui s\u2019est invit\u00e9e dans les pages de cet ouvrage&nbsp;pour une fiesta de tous les diables.<em>&nbsp;Tout-tout-tout<\/em>, vous saurez TOUT sur Margerin&nbsp;!<\/p>\n\n\n\n<hr class=\"wp-block-separator has-alpha-channel-opacity\"\/>\n\n\n\n<hr class=\"wp-block-separator has-alpha-channel-opacity\"\/>\n\n\n\n<h2 class=\"wp-block-heading\">OCTOBRE 2025<\/h2>\n\n\n\n<p>\u2022 Mon nouveau livre est disponible, \u00e9dit\u00e9 sur ma micro structure Chaque Jour Comme Un Dimanche&nbsp;:<br><br><strong><em>LA MUERTE \u2013 L\u2019Essence des chocs <\/em><\/strong><br><strong><em>(Deux d\u00e9cennies sous le sceau de la vil\u00e9nie et du chaos)<br><br><\/em><\/strong>Livre format A5, 148 pages, 14\u20ac (+ frais de port)<br><strong>A commander dans la section <a href=\"https:\/\/www.likesunday.com\/site\/nasty-merch\/\">BOUTIQUE<\/a> du site, cliquez <a href=\"https:\/\/www.likesunday.com\/site\/nasty-merch\/\">ICI<\/a>.<\/strong><\/p>\n\n\n<div class=\"wp-block-image\">\n<figure class=\"aligncenter size-large is-resized\"><img loading=\"lazy\" decoding=\"async\" width=\"721\" height=\"1024\" src=\"http:\/\/www.likesunday.com\/site\/wp-content\/uploads\/2025\/10\/La-Muerte-Promo-721x1024.jpg\" alt=\"\" class=\"wp-image-1597\" style=\"width:489px;height:auto\" srcset=\"http:\/\/www.likesunday.com\/site\/wp-content\/uploads\/2025\/10\/La-Muerte-Promo-721x1024.jpg 721w, http:\/\/www.likesunday.com\/site\/wp-content\/uploads\/2025\/10\/La-Muerte-Promo-211x300.jpg 211w, http:\/\/www.likesunday.com\/site\/wp-content\/uploads\/2025\/10\/La-Muerte-Promo-768x1090.jpg 768w, http:\/\/www.likesunday.com\/site\/wp-content\/uploads\/2025\/10\/La-Muerte-Promo-1082x1536.jpg 1082w, http:\/\/www.likesunday.com\/site\/wp-content\/uploads\/2025\/10\/La-Muerte-Promo-1442x2048.jpg 1442w, http:\/\/www.likesunday.com\/site\/wp-content\/uploads\/2025\/10\/La-Muerte-Promo.jpg 1751w\" sizes=\"(max-width: 721px) 100vw, 721px\" \/><\/figure><\/div>\n\n\n<figure class=\"wp-block-gallery has-nested-images columns-default is-cropped wp-block-gallery-1 is-layout-flex wp-block-gallery-is-layout-flex\">\n<figure class=\"wp-block-image size-large\"><img loading=\"lazy\" decoding=\"async\" width=\"1024\" height=\"652\" data-id=\"1621\" src=\"https:\/\/www.likesunday.com\/site\/wp-content\/uploads\/2025\/10\/LAMUERTE-fanzine-6-1024x652.jpg\" alt=\"\" class=\"wp-image-1621\" srcset=\"http:\/\/www.likesunday.com\/site\/wp-content\/uploads\/2025\/10\/LAMUERTE-fanzine-6-1024x652.jpg 1024w, http:\/\/www.likesunday.com\/site\/wp-content\/uploads\/2025\/10\/LAMUERTE-fanzine-6-300x191.jpg 300w, http:\/\/www.likesunday.com\/site\/wp-content\/uploads\/2025\/10\/LAMUERTE-fanzine-6-768x489.jpg 768w, http:\/\/www.likesunday.com\/site\/wp-content\/uploads\/2025\/10\/LAMUERTE-fanzine-6-1536x977.jpg 1536w, http:\/\/www.likesunday.com\/site\/wp-content\/uploads\/2025\/10\/LAMUERTE-fanzine-6-2048x1303.jpg 2048w\" sizes=\"(max-width: 1024px) 100vw, 1024px\" \/><figcaption class=\"wp-element-caption\">mockups-design.com<\/figcaption><\/figure>\n\n\n\n<figure class=\"wp-block-image size-large\"><img loading=\"lazy\" decoding=\"async\" width=\"1024\" height=\"652\" data-id=\"1622\" src=\"https:\/\/www.likesunday.com\/site\/wp-content\/uploads\/2025\/10\/LAMUERTE-fanzine-2-1024x652.jpg\" alt=\"\" class=\"wp-image-1622\" srcset=\"http:\/\/www.likesunday.com\/site\/wp-content\/uploads\/2025\/10\/LAMUERTE-fanzine-2-1024x652.jpg 1024w, http:\/\/www.likesunday.com\/site\/wp-content\/uploads\/2025\/10\/LAMUERTE-fanzine-2-300x191.jpg 300w, http:\/\/www.likesunday.com\/site\/wp-content\/uploads\/2025\/10\/LAMUERTE-fanzine-2-768x489.jpg 768w, http:\/\/www.likesunday.com\/site\/wp-content\/uploads\/2025\/10\/LAMUERTE-fanzine-2-1536x977.jpg 1536w, http:\/\/www.likesunday.com\/site\/wp-content\/uploads\/2025\/10\/LAMUERTE-fanzine-2-2048x1303.jpg 2048w\" sizes=\"(max-width: 1024px) 100vw, 1024px\" \/><figcaption class=\"wp-element-caption\">mockups-design.com<\/figcaption><\/figure>\n\n\n\n<figure class=\"wp-block-image size-large\"><img loading=\"lazy\" decoding=\"async\" width=\"1024\" height=\"652\" data-id=\"1623\" src=\"https:\/\/www.likesunday.com\/site\/wp-content\/uploads\/2025\/10\/LAMUERTE-fanzine-3-1024x652.jpg\" alt=\"\" class=\"wp-image-1623\" srcset=\"http:\/\/www.likesunday.com\/site\/wp-content\/uploads\/2025\/10\/LAMUERTE-fanzine-3-1024x652.jpg 1024w, http:\/\/www.likesunday.com\/site\/wp-content\/uploads\/2025\/10\/LAMUERTE-fanzine-3-300x191.jpg 300w, http:\/\/www.likesunday.com\/site\/wp-content\/uploads\/2025\/10\/LAMUERTE-fanzine-3-768x489.jpg 768w, http:\/\/www.likesunday.com\/site\/wp-content\/uploads\/2025\/10\/LAMUERTE-fanzine-3-1536x977.jpg 1536w, http:\/\/www.likesunday.com\/site\/wp-content\/uploads\/2025\/10\/LAMUERTE-fanzine-3-2048x1303.jpg 2048w\" sizes=\"(max-width: 1024px) 100vw, 1024px\" \/><figcaption class=\"wp-element-caption\">mockups-design.com<\/figcaption><\/figure>\n<\/figure>\n\n\n\n<p><br><strong>Pr\u00e9sentation&nbsp;:<\/strong><br><br><strong><em>L\u2019Essence des chocs<\/em>,<\/strong> petit ouvrage testamentaire tr\u00e8s dense aux faux airs de fanzine de luxe, circonscrit les terres du royaume fantasmagorique de LA MUERTE, cette formation unique, en  <em>zigzaguant<\/em> \u00e0 travers leur trajectoire, explorant leurs fixations \u2014 <em>Speed, Steel and Gasoline<\/em> \u2014 et les ressorts de leur cr\u00e9ation explos\u00e9e, au spectre tr\u00e8s large\u2026<br><br>Cultissime groupe rock hyper singulier issu des bas-fonds de Bruxelles, en activit\u00e9 depuis 1984, ils ont su faire \u00e9voluer leur son au gr\u00e9 de d\u00e9lires post punk bruitiste, swamp garage, heavy rock graisseux et metal doom, avec 6 albums studio au compteur, 2 albums live, des EP et compilations \u00e0 foison, un documentaire DVD, et de nombreux clips d\u00e9ments.<br><br>Cette machine hurlante a sillonn\u00e9 les routes europ\u00e9ennes \u00e0 maintes reprises, collaborant avec Front 242 et Arno, accompagnant aussi bien The Jesus and Mary Chain que Ramones, Berurier Noir (pour le mythique concert d\u2019adieu de ces derniers \u00e0 l\u2019Olympia, en 1989), The Young Gods, The Scientist et des dizaines d\u2019autres, squattant r\u00e9guli\u00e8rement ls affiches de festivals notoires comme le Deserfest, ou le RoardBurn\u2026 S\u00e9par\u00e9s pendant 20 ans (1993-2015), ils sont repartis en croisade depuis 10 ans avec un line up rafra\u00eechi (avec des membres de Channel Zero, Deviate, Arkangel) pour une formule plus lourde et radicale.&nbsp; Ils ont su composer un environnement visuel et sonore prot\u00e9iforme on ne peut plus identifiable, conf\u00e9rant \u00e0 leur musique une dimension beaucoup plus large et visc\u00e9rale, \u00e0 la fois cin\u00e9matographique et litt\u00e9raire, v\u00e9ritable <em>univers <\/em>hyper coh\u00e9rent incitant au d\u00e9vergondage de l\u2019imagination. <br><br>Autant r\u00e9v\u00e9r\u00e9s par les fans des Stooges, Birthday Party, Beasts of Bourbon que par les supp\u00f4ts de Danzig, White Zombie, Monster Magnet, Saint Vitus ou encore Mot\u00f6rhead, rien ne leur manque&nbsp;: le son, le look, les lyrics, l\u2019attitude. En vingt ans de carri\u00e8re cahoteuse, ils ont su composer un environnement visuel et sonore on ne peut plus identifiable, baignant dans un trip d\u00e9lirant se r\u00e9f\u00e9rant autant aux th\u00e9matiques horror\/bis\/exploitation qu\u2019aux grands mythes d\u2019une Am\u00e9rique schizophr\u00e8ne, excessive et fractur\u00e9e, simultan\u00e9ment obs\u00e9dante et rebutante.&nbsp;<br><br>L\u2019un des rares groupes de cette foutue plan\u00e8te valid\u00e9 par des fans de heavy rock, de hardcore, d\u2019horror rock, de garage&nbsp;et de metal !<br><br>Ils mettront un point final \u00e0 leur carri\u00e8re dans la mythique salle<strong> l\u2019Ancienne Belgique \u00e0 Bruxelles le 13 d\u00e9cembre<\/strong>, mais nous font l\u2019honneur de s\u2019arr\u00eater \u00e0 <strong>Paris le 05 d\u00e9cembre (unique date fran\u00e7aise), au Nouveau Casino<\/strong>, juste avant de jeter les gants\u2026 Un show dantesque \u00e0 ne pas louper&nbsp;!<\/p>\n\n\n<div class=\"wp-block-image\">\n<figure class=\"aligncenter size-large is-resized\"><img loading=\"lazy\" decoding=\"async\" width=\"1024\" height=\"1010\" src=\"https:\/\/www.likesunday.com\/site\/wp-content\/uploads\/2025\/10\/lamuerte-visu-1024x1010.jpg\" alt=\"\" class=\"wp-image-1612\" style=\"width:355px;height:auto\" srcset=\"http:\/\/www.likesunday.com\/site\/wp-content\/uploads\/2025\/10\/lamuerte-visu-1024x1010.jpg 1024w, http:\/\/www.likesunday.com\/site\/wp-content\/uploads\/2025\/10\/lamuerte-visu-300x296.jpg 300w, http:\/\/www.likesunday.com\/site\/wp-content\/uploads\/2025\/10\/lamuerte-visu-768x758.jpg 768w, http:\/\/www.likesunday.com\/site\/wp-content\/uploads\/2025\/10\/lamuerte-visu-1536x1515.jpg 1536w, http:\/\/www.likesunday.com\/site\/wp-content\/uploads\/2025\/10\/lamuerte-visu-2048x2021.jpg 2048w\" sizes=\"(max-width: 1024px) 100vw, 1024px\" \/><\/figure><\/div>\n\n\n<div style=\"height:43px\" aria-hidden=\"true\" class=\"wp-block-spacer\"><\/div>\n\n\n\n<p>\u2022 Et, toujours d\u2019actualit\u00e9, un autre de mes livres, sorti le mois dernier&nbsp;chez M\u00e9diapop Editions :<br><br><em><strong>Ma vie avec (et sans&nbsp;!) Lucien<\/strong><\/em><br><em><strong>\u2013 Cinquante truculentes ann\u00e9es de BD et de presse<\/strong><\/em><br><strong>Entretiens avec Samuel Guillerand<\/strong><br><br>Pr\u00e9face de Jean-Pierre Dionnet<br>Livre grand format 20x26cm<br>144 pages, 25\u20ac<strong><br><br>Disponible dans toutes les bonnes librairies ou directement par VPC sur <a href=\"https:\/\/mediapop-editions.fr\/catalogue\/frank-margerin-ma-vie-avec-et-sans-lucien-cinquante-truculentes-annees-de-bd-et-de-presse\/\">le site de l\u2019\u00e9diteur <\/a>(Mediapop Editions), cliquez <a href=\"https:\/\/mediapop-editions.fr\/catalogue\/frank-margerin-ma-vie-avec-et-sans-lucien-cinquante-truculentes-annees-de-bd-et-de-presse\/\">ICI<\/a>.<\/strong><\/p>\n\n\n<div class=\"wp-block-image\">\n<figure class=\"aligncenter size-large is-resized\"><img loading=\"lazy\" decoding=\"async\" width=\"787\" height=\"1024\" src=\"http:\/\/www.likesunday.com\/site\/wp-content\/uploads\/2025\/09\/MA-VIE-AVEC-ET-SANS-COUV-1\u00b0-de-COUV-10-787x1024.jpg\" alt=\"\" class=\"wp-image-1582\" style=\"width:487px;height:auto\" srcset=\"http:\/\/www.likesunday.com\/site\/wp-content\/uploads\/2025\/09\/MA-VIE-AVEC-ET-SANS-COUV-1\u00b0-de-COUV-10-787x1024.jpg 787w, http:\/\/www.likesunday.com\/site\/wp-content\/uploads\/2025\/09\/MA-VIE-AVEC-ET-SANS-COUV-1\u00b0-de-COUV-10-231x300.jpg 231w, http:\/\/www.likesunday.com\/site\/wp-content\/uploads\/2025\/09\/MA-VIE-AVEC-ET-SANS-COUV-1\u00b0-de-COUV-10-768x999.jpg 768w, http:\/\/www.likesunday.com\/site\/wp-content\/uploads\/2025\/09\/MA-VIE-AVEC-ET-SANS-COUV-1\u00b0-de-COUV-10-1180x1536.jpg 1180w, http:\/\/www.likesunday.com\/site\/wp-content\/uploads\/2025\/09\/MA-VIE-AVEC-ET-SANS-COUV-1\u00b0-de-COUV-10-1574x2048.jpg 1574w, http:\/\/www.likesunday.com\/site\/wp-content\/uploads\/2025\/09\/MA-VIE-AVEC-ET-SANS-COUV-1\u00b0-de-COUV-10-scaled.jpg 1967w\" sizes=\"(max-width: 787px) 100vw, 787px\" \/><\/figure><\/div>\n\n\n<p><br><strong>Pr\u00e9sentation&nbsp;:<\/strong><br><br>Ce livre retrace, sous la forme d\u2019un entretien-fleuve dense et approfondi, aux&nbsp;faux airs de&nbsp;<em>m\u00e9moires,&nbsp;<\/em>la vie mouvement\u00e9e de l\u2019un des&nbsp;piliers de la bande dessin\u00e9e fran\u00e7aise \u2014 de sa tendre enfance&nbsp;\u00e0 nos jours. Et plus particuli\u00e8rement cinquante ann\u00e9es d\u2019une trajectoire professionnelle plac\u00e9e sous le sceau de la g\u00e9n\u00e9rosit\u00e9,&nbsp;couronn\u00e9es par le Grand Prix d\u2019Angoul\u00eame en 1992, et plus largement d\u00e9di\u00e9es \u00e0 un&nbsp;esprit cartoonesque et d\u00e9sopilant ayant marqu\u00e9 plusieurs g\u00e9n\u00e9rations de b\u00e9d\u00e9philes.<br><br>Non content d\u2019avoir contribu\u00e9 \u00e0 l\u2019\u00e9pop\u00e9e de deux&nbsp;g\u00e9ants de la presse fran\u00e7aise (<em>M\u00e9tal Hurlant<\/em>&nbsp;et&nbsp;<em>Fluide Glacial<\/em>),&nbsp;Frank Margerin a collabor\u00e9 \u00e0 quantit\u00e9 d\u2019autres titres (dont&nbsp;<em>Rigolo<\/em>,&nbsp;<em>Zoulou<\/em>,&nbsp;<em>Viper<\/em>,&nbsp;<em>Le Matin de Paris<\/em>,&nbsp;<em>Lui<\/em>,&nbsp;<em>l\u2019\u00c9cho des Savanes<\/em>,&nbsp;<em>Phosphore<\/em>, etc.), illustr\u00e9 pl\u00e9thore de pochettes de disques (Alain Bashung, Nino Ferrer, Renaud, et&nbsp;des dizaines de formations&nbsp;souterraines appartenant aux sc\u00e8nes rockabilly, garage, blues, etc.), appos\u00e9 sa patte \u00e0&nbsp;d\u2019innombrables&nbsp;campagnes publicitaires, d\u00e9clin\u00e9 ses personnages sous toutes les formes (des figurines \u00e0 collectionner au dessin anim\u00e9) et surtout donn\u00e9 naissance, dans&nbsp;les pages d\u2019une quarantaine d\u2019albums, \u00e0 une foultitude de h\u00e9ros fantasques ayant marqu\u00e9 la culture populaire de notre pays \u2013 les plus notoires&nbsp;\u00e9tant&nbsp;Lucien et sa bande (Ricky, Gillou et Riton), Manu, Momo, parmi une ribambelle de figures fictives hautes en couleur.&nbsp;<br>L\u2019occasion de revenir \u00e9galement sur de pittoresques \u00e9pisodes, comme sa carri\u00e8re musicale (avec le succ\u00e8s d\u2019un de ses groupes, Dennis\u2019 Twist, ayant acc\u00e9d\u00e9&nbsp;\u00e0 la dixi\u00e8me place du Top&nbsp;50 au mitan des ann\u00e9es&nbsp;1980 avec son single \u00ab\u2009Tu dis que tu l\u2019m\u2009\u00bb),&nbsp;et moult anecdotes nous immergeant dans son histoire personnelle. Des \u00e9vocations qui \u00e9claireront le lecteur sur ses nombreuses marottes (son imposante collection d\u2019objets du quotidien,&nbsp;son amour des deux roues et de la six cordes, son omnipr\u00e9sence sur les festivals hexagonaux de BD, etc.) et lui permettront de mieux comprendre cet univers bariol\u00e9 reconnaissable entre tous, r\u00e9gi par un&nbsp;\u00e9lan farcesque aff\u00fbt\u00e9, une tendresse humaniste et une science du gag infaillible.<br><br>Loubards inoffensifs, zonards \u00e0 la rue, rockeurs de pacotille, babas affligeants, bikers du dimanche, vieillards franchouillards et autres hurluberlus attachants\u2026 Par le biais des r\u00e9miniscences de Frank et&nbsp;de pi\u00e8ces visuelles en abondance (dessins, photos et autres documents rares ou in\u00e9dits tri\u00e9s sur le volet),&nbsp;c\u2019est une faune rigolarde qui s\u2019est invit\u00e9e dans les pages de cet ouvrage&nbsp;pour une fiesta de tous les diables.<em>&nbsp;Tout-tout-tout<\/em>, vous saurez TOUT sur Margerin&nbsp;!<br><br>Il sera en s\u00e9ance de d\u00e9dicace chez Gibert BD \u00e0 Paris (Bld St-Michel, 6e arrondissement)<\/p>\n\n\n<div class=\"wp-block-image\">\n<figure class=\"aligncenter size-large is-resized\"><img loading=\"lazy\" decoding=\"async\" width=\"576\" height=\"1024\" src=\"https:\/\/www.likesunday.com\/site\/wp-content\/uploads\/2025\/10\/STORY-MARGERIN-576x1024.jpeg\" alt=\"\" class=\"wp-image-1617\" style=\"width:331px;height:auto\" srcset=\"http:\/\/www.likesunday.com\/site\/wp-content\/uploads\/2025\/10\/STORY-MARGERIN-576x1024.jpeg 576w, http:\/\/www.likesunday.com\/site\/wp-content\/uploads\/2025\/10\/STORY-MARGERIN-169x300.jpeg 169w, http:\/\/www.likesunday.com\/site\/wp-content\/uploads\/2025\/10\/STORY-MARGERIN-768x1365.jpeg 768w, http:\/\/www.likesunday.com\/site\/wp-content\/uploads\/2025\/10\/STORY-MARGERIN-864x1536.jpeg 864w, http:\/\/www.likesunday.com\/site\/wp-content\/uploads\/2025\/10\/STORY-MARGERIN.jpeg 1080w\" sizes=\"(max-width: 576px) 100vw, 576px\" \/><\/figure><\/div>\n\n\n<hr class=\"wp-block-separator has-alpha-channel-opacity\"\/>\n\n\n\n<hr class=\"wp-block-separator has-alpha-channel-opacity\"\/>\n\n\n\n<h2 class=\"wp-block-heading\">SEPTEMBRE 2025<\/h2>\n\n\n\n<p>Rentr\u00e9e \u00ab&nbsp;litt\u00e9raire&nbsp;\u00bb charg\u00e9e&nbsp;puisque trois nouveaux livres sont annonc\u00e9s sur la p\u00e9riode septembre-octobre-novembre&nbsp;!<br><br>\u2022 Le premier, <em><strong>Ma vie avec (et sans&nbsp;!) Lucien \u2013 Cinquante truculentes ann\u00e9es de BD et de presse<\/strong> <\/em>(M\u00e9diapop Editions), est d\u00e9j\u00e0 disponible dans toutes les bonnes libraires depuis quelques jours (le 02 septembre) ou sur le <a href=\"https:\/\/mediapop-editions.fr\/catalogue\/frank-margerin-ma-vie-avec-et-sans-lucien-cinquante-truculentes-annees-de-bd-et-de-presse\/\">site de l\u2019\u00e9diteur<\/a>.<br><br>\u2022 Les deux autres le talonnent ; toutes les informations dans la prochaine mise \u00e0 jour de ce site, tout d\u00e9but octobre.<\/p>\n\n\n<div class=\"wp-block-image\">\n<figure class=\"aligncenter size-large is-resized\"><img loading=\"lazy\" decoding=\"async\" width=\"787\" height=\"1024\" src=\"http:\/\/www.likesunday.com\/site\/wp-content\/uploads\/2025\/09\/MA-VIE-AVEC-ET-SANS-COUV-1\u00b0-de-COUV-10-787x1024.jpg\" alt=\"\" class=\"wp-image-1582\" style=\"width:527px;height:auto\" srcset=\"http:\/\/www.likesunday.com\/site\/wp-content\/uploads\/2025\/09\/MA-VIE-AVEC-ET-SANS-COUV-1\u00b0-de-COUV-10-787x1024.jpg 787w, http:\/\/www.likesunday.com\/site\/wp-content\/uploads\/2025\/09\/MA-VIE-AVEC-ET-SANS-COUV-1\u00b0-de-COUV-10-231x300.jpg 231w, http:\/\/www.likesunday.com\/site\/wp-content\/uploads\/2025\/09\/MA-VIE-AVEC-ET-SANS-COUV-1\u00b0-de-COUV-10-768x999.jpg 768w, http:\/\/www.likesunday.com\/site\/wp-content\/uploads\/2025\/09\/MA-VIE-AVEC-ET-SANS-COUV-1\u00b0-de-COUV-10-1180x1536.jpg 1180w, http:\/\/www.likesunday.com\/site\/wp-content\/uploads\/2025\/09\/MA-VIE-AVEC-ET-SANS-COUV-1\u00b0-de-COUV-10-1574x2048.jpg 1574w, http:\/\/www.likesunday.com\/site\/wp-content\/uploads\/2025\/09\/MA-VIE-AVEC-ET-SANS-COUV-1\u00b0-de-COUV-10-scaled.jpg 1967w\" sizes=\"(max-width: 787px) 100vw, 787px\" \/><\/figure><\/div>\n\n\n<p>Ce livre retrace, sous la forme d\u2019un entretien-fleuve dense et approfondi, aux&nbsp;faux airs de&nbsp;<em>m\u00e9moires,&nbsp;<\/em>la vie mouvement\u00e9e de l\u2019un des&nbsp;piliers de la bande dessin\u00e9e fran\u00e7aise \u2014 de sa tendre enfance&nbsp;\u00e0 nos jours. Et plus particuli\u00e8rement cinquante ann\u00e9es d\u2019une trajectoire professionnelle plac\u00e9e sous le sceau de la g\u00e9n\u00e9rosit\u00e9,&nbsp;couronn\u00e9es par le Grand Prix d\u2019Angoul\u00eame en 1992, et plus largement d\u00e9di\u00e9es \u00e0 un&nbsp;esprit cartoonesque et d\u00e9sopilant ayant marqu\u00e9 plusieurs g\u00e9n\u00e9rations de b\u00e9d\u00e9philes.<br><br>Non content d\u2019avoir contribu\u00e9 \u00e0 l\u2019\u00e9pop\u00e9e de deux&nbsp;g\u00e9ants de la presse fran\u00e7aise (<em>M\u00e9tal Hurlant<\/em>&nbsp;et&nbsp;<em>Fluide Glacial<\/em>),&nbsp;Frank Margerin a collabor\u00e9 \u00e0 quantit\u00e9 d&rsquo;autres titres (dont <em>Rigolo<\/em>,&nbsp;<em>Zoulou<\/em>,&nbsp;<em>Viper<\/em>,&nbsp;<em>Le Matin de Paris<\/em>,&nbsp;<em>Lui<\/em>,&nbsp;<em>l\u2019\u00c9cho des Savanes<\/em>,&nbsp;<em>Phosphore<\/em>, etc.), illustr\u00e9 pl\u00e9thore de pochettes de disques (Alain Bashung, Nino Ferrer, Renaud, et&nbsp;des dizaines de formations&nbsp;souterraines appartenant aux sc\u00e8nes rockabilly, garage, blues, etc.), appos\u00e9 sa patte \u00e0&nbsp;d\u2019innombrables&nbsp;campagnes publicitaires, d\u00e9clin\u00e9 ses personnages sous toutes les formes (des figurines \u00e0 collectionner au dessin anim\u00e9) et surtout donn\u00e9 naissance, dans&nbsp;les pages d\u2019une quarantaine d\u2019albums, \u00e0 une foultitude de h\u00e9ros fantasques ayant marqu\u00e9 la culture populaire de notre pays \u2013 les plus notoires&nbsp;\u00e9tant&nbsp;Lucien et sa bande (Ricky, Gillou et Riton), Manu, Momo, parmi une ribambelle de figures fictives hautes en couleur.&nbsp;<br>L\u2019occasion de revenir \u00e9galement sur de pittoresques \u00e9pisodes, comme sa carri\u00e8re musicale (avec le succ\u00e8s d\u2019un de ses groupes, Dennis\u2019 Twist, ayant acc\u00e9d\u00e9&nbsp;\u00e0 la dixi\u00e8me place du Top&nbsp;50 au mitan des ann\u00e9es&nbsp;1980 avec son single \u00ab\u2009Tu dis que tu l\u2019m\u2009\u00bb),&nbsp;et moult anecdotes nous immergeant dans son histoire personnelle. Des \u00e9vocations qui \u00e9claireront le lecteur sur ses nombreuses marottes (son imposante collection d\u2019objets du quotidien,&nbsp;son amour des deux roues et de la six cordes, son omnipr\u00e9sence sur les festivals hexagonaux de BD, etc.) et lui permettront de mieux comprendre cet univers bariol\u00e9 reconnaissable entre tous, r\u00e9gi par un&nbsp;\u00e9lan farcesque aff\u00fbt\u00e9, une tendresse humaniste et une science du gag infaillible.<br><br>Loubards inoffensifs, zonards \u00e0 la rue, rockeurs de pacotille, babas affligeants, bikers du dimanche, vieillards franchouillards et autres hurluberlus attachants\u2026 Par le biais des r\u00e9miniscences de Frank et&nbsp;de pi\u00e8ces visuelles en abondance (dessins, photos et autres documents rares ou in\u00e9dits tri\u00e9s sur le volet),&nbsp;c\u2019est une faune rigolarde qui s\u2019est invit\u00e9e dans les pages de cet ouvrage&nbsp;pour une fiesta de tous les diables.<em>&nbsp;Tout-tout-tout<\/em>, vous saurez TOUT sur Margerin&nbsp;!<br><br><strong><em>Ma vie avec (et sans&nbsp;!) Lucien <\/em><\/strong><br><strong><em>\u2013 Cinquante truculentes ann\u00e9es de BD et de presse<br><\/em>Pr\u00e9face de Jean-Pierre Dionnet<br>Livre grand format 20x26cm<br>144 pages<br>25\u20ac<\/strong><\/p>\n\n\n\n<hr class=\"wp-block-separator has-alpha-channel-opacity\"\/>\n\n\n\n<hr class=\"wp-block-separator has-alpha-channel-opacity\"\/>\n","protected":false},"excerpt":{"rendered":"<p>FEVRIER 2026 \u2022 Suite \u00e0 de nombreuses demandes, j\u2019ai exceptionnellement relanc\u00e9 un petit tirage du livre Advienne que pourra \u2013 Violence, Punk Rawk, Slow Death, Nineteen Something et autres histoires culturelles souterraines des ann\u00e9es 1980, 1990 et post 2000 en &hellip; <a href=\"http:\/\/www.likesunday.com\/site\/\">Continuer la lecture <span class=\"meta-nav\">&rarr;<\/span><\/a><\/p>\n","protected":false},"author":1,"featured_media":0,"parent":0,"menu_order":0,"comment_status":"closed","ping_status":"closed","template":"","meta":{"footnotes":""},"_links":{"self":[{"href":"http:\/\/www.likesunday.com\/site\/wp-json\/wp\/v2\/pages\/268"}],"collection":[{"href":"http:\/\/www.likesunday.com\/site\/wp-json\/wp\/v2\/pages"}],"about":[{"href":"http:\/\/www.likesunday.com\/site\/wp-json\/wp\/v2\/types\/page"}],"author":[{"embeddable":true,"href":"http:\/\/www.likesunday.com\/site\/wp-json\/wp\/v2\/users\/1"}],"replies":[{"embeddable":true,"href":"http:\/\/www.likesunday.com\/site\/wp-json\/wp\/v2\/comments?post=268"}],"version-history":[{"count":254,"href":"http:\/\/www.likesunday.com\/site\/wp-json\/wp\/v2\/pages\/268\/revisions"}],"predecessor-version":[{"id":1670,"href":"http:\/\/www.likesunday.com\/site\/wp-json\/wp\/v2\/pages\/268\/revisions\/1670"}],"wp:attachment":[{"href":"http:\/\/www.likesunday.com\/site\/wp-json\/wp\/v2\/media?parent=268"}],"curies":[{"name":"wp","href":"https:\/\/api.w.org\/{rel}","templated":true}]}}